{"id":645,"date":"2023-06-08T19:11:12","date_gmt":"2023-06-08T19:11:12","guid":{"rendered":"https:\/\/res.be\/histoire"},"modified":"2026-07-31T13:22:21","modified_gmt":"2026-07-31T13:22:21","slug":"histoire","status":"publish","type":"page","link":"https:\/\/res.be\/fr\/histoire","title":{"rendered":"Histoire"},"content":{"rendered":"\t\t<div data-elementor-type=\"wp-page\" data-elementor-id=\"645\" class=\"elementor elementor-645 elementor-186\" data-elementor-post-type=\"page\">\n\t\t\t\t<div class=\"elementor-element elementor-element-051ee46 e-flex e-con-boxed e-con e-parent\" data-id=\"051ee46\" data-element_type=\"container\" data-e-type=\"container\">\n\t\t\t\t\t<div class=\"e-con-inner\">\n\t\t\t\t<div class=\"elementor-element elementor-element-302447d elementor-widget elementor-widget-heading\" data-id=\"302447d\" data-element_type=\"widget\" data-e-type=\"widget\" data-widget_type=\"heading.default\">\n\t\t\t\t<div class=\"elementor-widget-container\">\n\t\t\t\t\t<h2 class=\"elementor-heading-title elementor-size-default\">Histoire<\/h2>\t\t\t\t<\/div>\n\t\t\t\t<\/div>\n\t\t\t\t<div class=\"elementor-element elementor-element-3b48498 elementor-widget elementor-widget-text-editor\" data-id=\"3b48498\" data-element_type=\"widget\" data-e-type=\"widget\" data-widget_type=\"text-editor.default\">\n\t\t\t\t<div class=\"elementor-widget-container\">\n\t\t\t\t\t\t\t\t\t<p>RES, le troc moderne depuis 1995<\/p>\t\t\t\t\t\t\t\t<\/div>\n\t\t\t\t<\/div>\n\t\t\t\t\t<\/div>\n\t\t\t\t<\/div>\n\t\t<div class=\"elementor-element elementor-element-667d8ca e-flex e-con-boxed e-con e-parent\" data-id=\"667d8ca\" data-element_type=\"container\" data-e-type=\"container\">\n\t\t\t\t\t<div class=\"e-con-inner\">\n\t\t\t\t<div class=\"elementor-element elementor-element-0092c49 elementor-widget elementor-widget-timeline-widget-addon\" data-id=\"0092c49\" data-element_type=\"widget\" data-e-type=\"widget\" data-widget_type=\"timeline-widget-addon.default\">\n\t\t\t\t<div class=\"elementor-widget-container\">\n\t\t\t\t\t<!-- ========= Timeline Widget Addon For Elementor 1.7.0 ========= -->\n<div id=\"twae-wrapper-0092c49\" class=\"twae-vertical twae-wrapper  twae-both-sided\">   \n    <div class=\"twae-start\"><\/div>    \n    <div id=\"twea-timeline-0092c49\" class=\"twae-timeline\" ><!-- Start of Story Repeater Content --><div id=\"story-d9831de\" class=\"twae-story twae-repeater-item twae-story-right twae-story-no-icon\"><!-- Story Label --><div class=\"twae-labels\"><div class=\"twae-label-big\">2026<\/div><\/div><!-- Story Icon --><div class=\"twae-icon\"><i aria-hidden=\"true\" class=\"far fa-clock\"><\/i><\/div><!-- Story Arrow --><div class=\"twae-arrow\"><\/div><!-- Start of Story Content --><div class=\"twae-content\"><!-- Story Title --><div class=\"twae-title\">En route vers l'avenir<\/div><!-- Story Description --><div class=\"twae-description\"><p>Apr\u00e8s 30 ans, le fondateur Walther Smets transmet la direction quotidienne de RES \u00e0 Junior Smets et Mauranne Smets, qui reprennent le flambeau en tant que nouveaux administrateurs et fa\u00e7onnent l\u2019avenir de RES. Walther reste impliqu\u00e9 en qualit\u00e9 de conseiller et continuera \u00e0 soutenir le d\u00e9veloppement du r\u00e9seau. <\/p>\n<\/div><\/div><\/div><!-- Start of Story Repeater Content --><div id=\"story-ecb76f6\" class=\"twae-story twae-repeater-item twae-story-left twae-story-no-icon\"><!-- Story Label --><div class=\"twae-labels\"><div class=\"twae-label-big\">2022<\/div><\/div><!-- Story Icon --><div class=\"twae-icon\"><i aria-hidden=\"true\" class=\"far fa-clock\"><\/i><\/div><!-- Story Arrow --><div class=\"twae-arrow\"><\/div><!-- Start of Story Content --><div class=\"twae-content\"><!-- Story Title --><div class=\"twae-title\">RES Swap<\/div><!-- Story Description --><div class=\"twae-description\"><p>RES lance RES SWAP. Ce nouveau concept RES remplace l'ancien PREPAID. Les consommateurs peuvent acheter des points d'\u00e9change RES en ligne \u00e0 prix r\u00e9duit directement aupr\u00e8s des commer\u00e7ants RES.  <\/p>\n<\/div><\/div><\/div><!-- Start of Story Repeater Content --><div id=\"story-d3da8fc\" class=\"twae-story twae-repeater-item twae-story-right twae-story-no-icon\"><!-- Story Label --><div class=\"twae-labels\"><div class=\"twae-label-big\">2021<\/div><\/div><!-- Story Icon --><div class=\"twae-icon\"><i aria-hidden=\"true\" class=\"far fa-clock\"><\/i><\/div><!-- Story Arrow --><div class=\"twae-arrow\"><\/div><!-- Start of Story Content --><div class=\"twae-content\"><!-- Story Title --><div class=\"twae-title\">RES Mobile<\/div><!-- Story Description --><div class=\"twae-description\"><p>RES lance la version 3.0.1. de l'APPLI RES ; RES MOBILE PAYMENT est d\u00e9sormais un fait. RES SWAP a \u00e9galement \u00e9t\u00e9 lanc\u00e9 le 1er d\u00e9cembre, un nouveau concept r\u00e9volutionnaire pour les consommateurs.  <\/p>\n<\/div><\/div><\/div><!-- Start of Story Repeater Content --><div id=\"story-381580e\" class=\"twae-story twae-repeater-item twae-story-left twae-story-no-icon\"><!-- Story Label --><div class=\"twae-labels\"><div class=\"twae-label-big\">2020<\/div><\/div><!-- Story Icon --><div class=\"twae-icon\"><i aria-hidden=\"true\" class=\"far fa-clock\"><\/i><\/div><!-- Story Arrow --><div class=\"twae-arrow\"><\/div><!-- Start of Story Content --><div class=\"twae-content\"><!-- Story Title --><div class=\"twae-title\">Corona<\/div><!-- Story Description --><div class=\"twae-description\"><p class=\"x_MsoNormal\">RES est \u00e9galement fortement touch\u00e9 par la crise Corona - Covid 19. Pr\u00e8s de 80% des membres RES sont de la restauration, de la vente au d\u00e9tail, des soins personnels, des \u00e9v\u00e9nements et leur fournisseurs. C'est pourquoi RES est en train d'adapter son mod\u00e8le \u00e9conomique et d\u2019organiser au maximum sa mise sa digitalisation et son automatisation.  <\/p>\n<h2> <\/h2>\n<\/div><\/div><\/div><!-- Start of Story Repeater Content --><div id=\"story-7bcc39f\" class=\"twae-story twae-repeater-item twae-story-right twae-story-no-icon\"><!-- Story Label --><div class=\"twae-labels\"><div class=\"twae-label-big\">2019<\/div><\/div><!-- Story Icon --><div class=\"twae-icon\"><i aria-hidden=\"true\" class=\"far fa-clock\"><\/i><\/div><!-- Story Arrow --><div class=\"twae-arrow\"><\/div><!-- Start of Story Content --><div class=\"twae-content\"><!-- Story Title --><div class=\"twae-title\">RES PREPAID arr\u00eat\u00e9<\/div><!-- Story Description --><div class=\"twae-description\"><p>Le 18 avril, les activit\u00e9s RES PREPAID pour les consommateurs ont \u00e9t\u00e9 forc\u00e9es de cesser - en raison d'une modification de la loi. Par cons\u00e9quence, le mod\u00e8le commercial a d\u00fb \u00eatre compl\u00e8tement r\u00e9organis\u00e9. N\u00e9anmoins, la confiance dans le r\u00e9seau est maintenue et des achats ont \u00e9t\u00e9 effectu\u00e9s pour <strong>39 028 100,54 RES<\/strong>.  <\/p>\n<h2> <\/h2>\n<\/div><\/div><\/div><!-- Start of Story Repeater Content --><div id=\"story-67bd008\" class=\"twae-story twae-repeater-item twae-story-left twae-story-no-icon\"><!-- Story Label --><div class=\"twae-labels\"><div class=\"twae-label-big\">2018<\/div><\/div><!-- Story Icon --><div class=\"twae-icon\"><i aria-hidden=\"true\" class=\"far fa-clock\"><\/i><\/div><!-- Story Arrow --><div class=\"twae-arrow\"><\/div><!-- Start of Story Content --><div class=\"twae-content\"><!-- Story Title --><div class=\"twae-title\">Records<\/div><!-- Story Description --><div class=\"twae-description\"><p>Nous avons enregistr\u00e9 <strong>un nombre record de nouvelles affiliations<\/strong>. Pas moins de <strong>1.486 commer\u00e7ants<\/strong> ont ouvert un compte RES. Le nombre de transactions a \u00e9galement atteint un nouveau sommet: nous avons enregistr\u00e9 <strong data-to=\"411519\">411.519 transactions<\/strong> pour une valeur d\u2019\u00e0-peu-pr\u00e8s <strong>57 millions de RES<\/strong>.  <\/p>\n<\/div><\/div><\/div><!-- Start of Story Repeater Content --><div id=\"story-e52da47\" class=\"twae-story twae-repeater-item twae-story-right twae-story-no-icon\"><!-- Story Label --><div class=\"twae-labels\"><div class=\"twae-label-big\">2017<\/div><\/div><!-- Story Icon --><div class=\"twae-icon\"><i aria-hidden=\"true\" class=\"far fa-clock\"><\/i><\/div><!-- Story Arrow --><div class=\"twae-arrow\"><\/div><!-- Start of Story Content --><div class=\"twae-content\"><!-- Story Title --><div class=\"twae-title\">Agrandissement de l'\u00e9quipe<\/div><!-- Story Description --><div class=\"twae-description\"><p>Nous investissons constamment dans <strong>de nouveaux collaborateurs.<\/strong> L\u2019\u00e9quipe RES compte actuellement 30 collaborateurs. <\/p>\n<\/div><\/div><\/div><!-- Start of Story Repeater Content --><div id=\"story-560d763\" class=\"twae-story twae-repeater-item twae-story-left twae-story-no-icon\"><!-- Story Label --><div class=\"twae-labels\"><div class=\"twae-label-big\">2016<\/div><\/div><!-- Story Icon --><div class=\"twae-icon\"><i aria-hidden=\"true\" class=\"far fa-clock\"><\/i><\/div><!-- Story Arrow --><div class=\"twae-arrow\"><\/div><!-- Start of Story Content --><div class=\"twae-content\"><!-- Story Title --><div class=\"twae-title\">20 ans<\/div><!-- Story Description --><div class=\"twae-description\"><p><strong>RES a souffl\u00e9 ses 20 bougies<\/strong> et a f\u00eat\u00e9 son anniversaire durant toute l\u2019ann\u00e9e. in octobre, RES a organis\u00e9 un \u00e9v\u00e9nement <strong>de deux jours<\/strong> au Brabanthal \u00e0 Louvain avec une foire commerciale RES comptant pas moins de 200 exposants et une soir\u00e9e de gala qui a accueilli 500 invit\u00e9s. <\/p>\n<p>Entretemps, nous comptons <strong>11.600 particuliers<\/strong> utilisateurs de la carte RES PREPAID.<\/p>\n<p>En 2016, presque <strong>43 millions de RES<\/strong> ont \u00e9t\u00e9 achet\u00e9s.<\/p>\n<p>Nous avons achet\u00e9 de <strong>nouveaux bureaux,<\/strong> soign\u00e9 la d\u00e9coration et d\u00e9but octobre, RES a d\u00e9m\u00e9nag\u00e9 du Vismarkt au Mercatorpad 9 \u00e0 Louvain.<\/p>\n<\/div><\/div><\/div><!-- Start of Story Repeater Content --><div id=\"story-8ffb1a6\" class=\"twae-story twae-repeater-item twae-story-right twae-story-no-icon\"><!-- Story Label --><div class=\"twae-labels\"><div class=\"twae-label-big\">2015<\/div><\/div><!-- Story Icon --><div class=\"twae-icon\"><i aria-hidden=\"true\" class=\"far fa-clock\"><\/i><\/div><!-- Story Arrow --><div class=\"twae-arrow\"><\/div><!-- Start of Story Content --><div class=\"twae-content\"><!-- Story Title --><div class=\"twae-title\">B\u00e9n\u00e9fices<\/div><!-- Story Description --><div class=\"twae-description\"><p>Toutes les soci\u00e9t\u00e9s impliqu\u00e9es dans l'organisation RES ont cl\u00f4tur\u00e9 l'exercice comptable 2014 en b\u00e9n\u00e9fice !<\/p>\n<p>Au total, les soci\u00e9t\u00e9s RES ont r\u00e9alis\u00e9, en 2014, un b\u00e9n\u00e9fice apr\u00e8s imp\u00f4ts, de 222.127,49 \u20ac ! Les pr\u00e9visions, apr\u00e8s la mise en oeuvre des modifications du concept commercial RES, ont \u00e9t\u00e9 et sont donc atteintes. Cette tendance se poursuit en 2015, avec une augmentation de plus de 30 % !  <\/p>\n<\/div><\/div><\/div><!-- Start of Story Repeater Content --><div id=\"story-fdbddee\" class=\"twae-story twae-repeater-item twae-story-left twae-story-no-icon\"><!-- Story Label --><div class=\"twae-labels\"><div class=\"twae-label-big\">2014<\/div><\/div><!-- Story Icon --><div class=\"twae-icon\"><i aria-hidden=\"true\" class=\"far fa-clock\"><\/i><\/div><!-- Story Arrow --><div class=\"twae-arrow\"><\/div><!-- Start of Story Content --><div class=\"twae-content\"><!-- Story Title --><div class=\"twae-title\">Grandir<\/div><!-- Story Description --><div class=\"twae-description\"><p>Entretemps, d\u00e9j\u00e0 plus de <strong>4.000 cartes RES PREPAID<\/strong> actives, qui font chaque mois des achats pour 250.000 RES.<\/p>\n<p>L'\u00e9quipe commerciale a \u00e9t\u00e9 renforc\u00e9e efficacement : chaque mois, de 50 \u00e0 100 commer\u00e7ants ouvrent un compte RES. <\/p>\n<\/div><\/div><\/div><!-- Start of Story Repeater Content --><div id=\"story-995d0c8\" class=\"twae-story twae-repeater-item twae-story-right twae-story-no-icon\"><!-- Story Label --><div class=\"twae-labels\"><div class=\"twae-label-big\">2013<\/div><\/div><!-- Story Icon --><div class=\"twae-icon\"><i aria-hidden=\"true\" class=\"far fa-clock\"><\/i><\/div><!-- Story Arrow --><div class=\"twae-arrow\"><\/div><!-- Start of Story Content --><div class=\"twae-content\"><!-- Story Title --><div class=\"twae-title\">Girone<\/div><!-- Story Description --><div class=\"twae-description\"><p>Le <strong>projet pilote \u00e0 Girone<\/strong> (en Catalogne) se d\u00e9veloppe avec succ\u00e8s. Plus de 300 commer\u00e7ants et entrepreneurs locaux sont affili\u00e9s et plusieurs centaines de cartes de paiement RES pour particuliers ont \u00e9t\u00e9 mises en circulation fin d\u00e9cembre.  <\/p>\n<p>La carte de paiement RES peut aussi bien \u00eatre utilis\u00e9e en Belgique qu'en Catalogne. <\/p>\n<\/div><\/div><\/div><!-- Start of Story Repeater Content --><div id=\"story-3746ac7\" class=\"twae-story twae-repeater-item twae-story-left twae-story-no-icon\"><!-- Story Label --><div class=\"twae-labels\"><div class=\"twae-label-big\">2012<\/div><\/div><!-- Story Icon --><div class=\"twae-icon\"><i aria-hidden=\"true\" class=\"far fa-clock\"><\/i><\/div><!-- Story Arrow --><div class=\"twae-arrow\"><\/div><!-- Start of Story Content --><div class=\"twae-content\"><!-- Story Title --><div class=\"twae-title\">Banksys<\/div><!-- Story Description --><div class=\"twae-description\"><p>D\u00e9cembre: LE cap pour RES : <strong>RES obtient un acc\u00e8s au r\u00e9seau de terminaux Atos\/Banksys.<\/strong><\/p>\n<p>Janvier: RES signe une convention avec le professeur Peppluis de la Rosa pour le lancement \u00e0 <strong>G\u00e9rone\/Catalogne.<\/strong> Une spin off est cr\u00e9\u00e9e - Social Currencies Mangement -, en collaboration avec l'Universit\u00e9 de G\u00e9rone. <\/p>\n<\/div><\/div><\/div><!-- Start of Story Repeater Content --><div id=\"story-7fc3496\" class=\"twae-story twae-repeater-item twae-story-right twae-story-no-icon\"><!-- Story Label --><div class=\"twae-labels\"><div class=\"twae-label-big\">2011<\/div><\/div><!-- Story Icon --><div class=\"twae-icon\"><i aria-hidden=\"true\" class=\"far fa-clock\"><\/i><\/div><!-- Story Arrow --><div class=\"twae-arrow\"><\/div><!-- Start of Story Content --><div class=\"twae-content\"><!-- Story Title --><div class=\"twae-title\">Mise \u00e0 jour logicielle<\/div><!-- Story Description --><div class=\"twae-description\"><p>RES se pr\u00e9pare pour sa grande perc\u00e9e sur le march\u00e9. Un tout nouveau logiciel est command\u00e9. Rue de Net et Rogg.is, en Islande, sont charg\u00e9s de la conception de ce progiciel. Le progiciel est bas\u00e9 sur Microsoft Navision.    <\/p>\n<p>La <strong>carte RES PREPAID<\/strong> pour les consommateurs est lanc\u00e9e. <\/p>\n<\/div><\/div><\/div><!-- Start of Story Repeater Content --><div id=\"story-d50ff54\" class=\"twae-story twae-repeater-item twae-story-left twae-story-no-icon\"><!-- Story Label --><div class=\"twae-labels\"><div class=\"twae-label-big\">2010<\/div><\/div><!-- Story Icon --><div class=\"twae-icon\"><i aria-hidden=\"true\" class=\"far fa-clock\"><\/i><\/div><!-- Story Arrow --><div class=\"twae-arrow\"><\/div><!-- Start of Story Content --><div class=\"twae-content\"><!-- Story Title --><div class=\"twae-title\">France<\/div><!-- Story Description --><div class=\"twae-description\"><p>RES d\u00e9marre en France. <\/p>\n<p><strong>Oktobre<\/strong> - RES \u2013 L'argent diff\u00e9rent ! d\u00e9sormais en plus du B2B, le B2C d\u00e9sormais aussi le C2C ! (lire plus) <\/p>\n<\/div><\/div><\/div><!-- Start of Story Repeater Content --><div id=\"story-70ead28\" class=\"twae-story twae-repeater-item twae-story-right twae-story-no-icon\"><!-- Story Label --><div class=\"twae-labels\"><div class=\"twae-label-big\">2009<\/div><\/div><!-- Story Icon --><div class=\"twae-icon\"><i aria-hidden=\"true\" class=\"far fa-clock\"><\/i><\/div><!-- Story Arrow --><div class=\"twae-arrow\"><\/div><!-- Start of Story Content --><div class=\"twae-content\"><!-- Story Title --><div class=\"twae-title\">le bon cadeau<\/div><!-- Story Description --><div class=\"twae-description\"><p><strong>D\u00e9cember<\/strong> : RES lance le bon cadeau RES pour particuliers. Les particuliers peuvent acheter des euros RES avec 10% de remise!  <\/p>\n<p>L\u2019assembl\u00e9e g\u00e9n\u00e9rale de RES scrl dd. 20 mars 2009 a d\u00e9cid\u00e9 d\u2019engager monsieur eter Bruggeman du bureau VGD \u2013 R\u00e9viseurs d\u2019entreprise, si\u00e8ge social Bruxelles, Avenue Du Bgm Etienne Demunter 5, en tant que Commissaire de la soci\u00e9t\u00e9 et ceci pour une p\u00e9riode de 3 ans.  <\/p>\n<\/div><\/div><\/div><!-- Start of Story Repeater Content --><div id=\"story-35c5fcc\" class=\"twae-story twae-repeater-item twae-story-left twae-story-no-icon\"><!-- Story Label --><div class=\"twae-labels\"><div class=\"twae-label-big\">2008<\/div><\/div><!-- Story Icon --><div class=\"twae-icon\"><i aria-hidden=\"true\" class=\"far fa-clock\"><\/i><\/div><!-- Story Arrow --><div class=\"twae-arrow\"><\/div><!-- Start of Story Content --><div class=\"twae-content\"><!-- Story Title --><div class=\"twae-title\">CCV CARDFON<\/div><!-- Story Description --><div class=\"twae-description\"><p>En 2008, <strong>le cap des 35.000.000 euro<\/strong> RES a \u00e9t\u00e9 franchi! (achats + ventes). <\/p>\n<p><strong>D\u00e9cembre 2008<\/strong> - est une \u00e9tape historique chez RES! CCV CARDFON a sign\u00e9 un accord de coop\u00e9ration avec RES. <\/p>\n<p>D\u00e8s maintenant, il est possible de traiter les paiements euro RES via le CCV CARDFON \u2013 terminaux Omni, Carty Smart et Carty Budget Les transactions RES PLUS (paiements et remises RES PLUS euros sont aussi possibles via ces terminaux. <\/p>\n<\/div><\/div><\/div><!-- Start of Story Repeater Content --><div id=\"story-302f2c3\" class=\"twae-story twae-repeater-item twae-story-right twae-story-no-icon\"><!-- Story Label --><div class=\"twae-labels\"><div class=\"twae-label-big\">2007<\/div><\/div><!-- Story Icon --><div class=\"twae-icon\"><i aria-hidden=\"true\" class=\"far fa-clock\"><\/i><\/div><!-- Story Arrow --><div class=\"twae-arrow\"><\/div><!-- Start of Story Content --><div class=\"twae-content\"><!-- Story Title --><div class=\"twae-title\">SPF<\/div><!-- Story Description --><div class=\"twae-description\"><p><strong>Novembre<\/strong> - Accord SCRL RES \u2013 Service Public F\u00e9d\u00e9ral des Finances<\/p>\n<p>Cet accord comprend un r\u00e8glement d\u00e9taill\u00e9 sur la mani\u00e8re dont, \u00e0 l\u2019avenir, tous les comptes RES, cr\u00e9dits RES et emprunts RES seront dor\u00e9navant exprim\u00e9s dans la comptabilit\u00e9 et le bilan de la SCRL RES (et dans les annexes de celui-ci). <\/p>\n<p>Ainsi, l\u2019accord conclu contribue en grande partie \u00e0 une plus grande optimisation de la transparence et \u00e0 une possibilit\u00e9 de contr\u00f4le externe des diverses transactions ayant lieu au sein de RES. <\/p>\n<p><strong>Juillet<\/strong> - RES PLUS<\/p>\n<p>Le Minist\u00e8re des Affaires Economiques et le Minist\u00e8re des Classes Moyennes en charge de l\u2019\u00e9conomie, PME et de l\u2019Energie ont attribu\u00e9 le 10\/07\/07 le num\u00e9ro d\u2019inscription A3261 \u00e0 Admin Leuven SPRL, Vismarkt 10 B \u00e0 3000 Leuven, organisateur du concept de la carte de fid\u00e9lit\u00e9 RES PLUS.<\/p>\n<\/div><\/div><\/div><!-- Start of Story Repeater Content --><div id=\"story-0ea350d\" class=\"twae-story twae-repeater-item twae-story-left twae-story-no-icon\"><!-- Story Label --><div class=\"twae-labels\"><div class=\"twae-label-big\">2005-2006<\/div><\/div><!-- Story Icon --><div class=\"twae-icon\"><i aria-hidden=\"true\" class=\"far fa-clock\"><\/i><\/div><!-- Story Arrow --><div class=\"twae-arrow\"><\/div><!-- Start of Story Content --><div class=\"twae-content\"><!-- Story Title --><div class=\"twae-title\">Nouveau nom<\/div><!-- Story Description --><div class=\"twae-description\"><p><strong>Janvier 2006<\/strong> : RES BARTER SYSTEM devient RES- L'argent compl\u00e9mentaire! <\/p>\n<p>Il y a actuellement plus de 75.000 d\u00e9tenteurs de la carte RES en Belgique. (5.000 membres RES et 70.000 consommateurs). Le chiffre d'affaires d\u00e9passe les 30 millions d'euro RES par an.   <\/p>\n<p><strong>Oktobre 2005<\/strong> - r\u00e9organisation - la soci\u00e9t\u00e9 d' exploitation R.E. Management SA est remplac\u00e9e par ADMIN LEUVEN sprl et le r\u00e9seau commercial des courtiers RES est r\u00e9organis\u00e9<\/p>\n<\/div><\/div><\/div><!-- Start of Story Repeater Content --><div id=\"story-4cacda7\" class=\"twae-story twae-repeater-item twae-story-right twae-story-no-icon\"><!-- Story Label --><div class=\"twae-labels\"><div class=\"twae-label-big\">2002-2004<\/div><\/div><!-- Story Icon --><div class=\"twae-icon\"><i aria-hidden=\"true\" class=\"far fa-clock\"><\/i><\/div><!-- Story Arrow --><div class=\"twae-arrow\"><\/div><!-- Start of Story Content --><div class=\"twae-content\"><!-- Story Title --><div class=\"twae-title\">Euro<\/div><!-- Story Description --><div class=\"twae-description\"><p>Par le passage \u00e0 l' euro, la date du 19 octobre 2003 est marqu\u00e9e d'une pierre blanche dans l'histoire de RES.<\/p>\n<p>La carte de paiement RES et le terminal RES sont op\u00e9rationnels, et de plus le programme RES PLUS Loyalty est propos\u00e9 \u00e0 la presse nationale et internationale \u00e0 l'occasion de la 1\u00e8re FOIRE RES BARTER au Heysel \u00e0 Bruxelles, \u00e0 laquelle ont particip\u00e9 plus de 100 exposants.<\/p>\n<\/div><\/div><\/div><!-- Start of Story Repeater Content --><div id=\"story-38ccbe0\" class=\"twae-story twae-repeater-item twae-story-left twae-story-no-icon\"><!-- Story Label --><div class=\"twae-labels\"><div class=\"twae-label-big\">1995-2001<\/div><\/div><!-- Story Icon --><div class=\"twae-icon\"><i aria-hidden=\"true\" class=\"far fa-clock\"><\/i><\/div><!-- Story Arrow --><div class=\"twae-arrow\"><\/div><!-- Start of Story Content --><div class=\"twae-content\"><!-- Story Title --><div class=\"twae-title\">Incorporation<\/div><!-- Story Description --><div class=\"twae-description\"><p>Apr\u00e8s la fondation de RES par Walther Smets en 1995, le r\u00e9seau a \u00e9t\u00e9 \u00e9tendu \u00e0 pr\u00e8s de 3000 commer\u00e7ants au d\u00e9part de Leuven.<\/p>\n<\/div><\/div><\/div><\/div>\n    <div class=\"twae-end\"><\/div>\n    <\/div>\t\t\t\t<\/div>\n\t\t\t\t<\/div>\n\t\t\t\t\t<\/div>\n\t\t\t\t<\/div>\n\t\t\t\t<\/div>\n\t\t","protected":false},"excerpt":{"rendered":"<p>Histoire RES, le troc moderne depuis 1995 2026En route vers l&rsquo;avenir Apr\u00e8s 30 ans, le fondateur Walther Smets transmet la direction quotidienne de RES \u00e0 Junior Smets et Mauranne Smets, qui reprennent le flambeau en tant que nouveaux administrateurs et fa\u00e7onnent l\u2019avenir de RES. Walther reste impliqu\u00e9 en qualit\u00e9 de conseiller et continuera \u00e0 soutenir [&hellip;]<\/p>\n","protected":false},"author":1,"featured_media":0,"parent":0,"menu_order":0,"comment_status":"closed","ping_status":"closed","template":"","meta":{"footnotes":""},"class_list":["post-645","page","type-page","status-publish","hentry"],"_links":{"self":[{"href":"https:\/\/res.be\/fr\/wp-json\/wp\/v2\/pages\/645","targetHints":{"allow":["GET"]}}],"collection":[{"href":"https:\/\/res.be\/fr\/wp-json\/wp\/v2\/pages"}],"about":[{"href":"https:\/\/res.be\/fr\/wp-json\/wp\/v2\/types\/page"}],"author":[{"embeddable":true,"href":"https:\/\/res.be\/fr\/wp-json\/wp\/v2\/users\/1"}],"replies":[{"embeddable":true,"href":"https:\/\/res.be\/fr\/wp-json\/wp\/v2\/comments?post=645"}],"version-history":[{"count":8,"href":"https:\/\/res.be\/fr\/wp-json\/wp\/v2\/pages\/645\/revisions"}],"predecessor-version":[{"id":1323,"href":"https:\/\/res.be\/fr\/wp-json\/wp\/v2\/pages\/645\/revisions\/1323"}],"wp:attachment":[{"href":"https:\/\/res.be\/fr\/wp-json\/wp\/v2\/media?parent=645"}],"curies":[{"name":"wp","href":"https:\/\/api.w.org\/{rel}","templated":true}]}}